{"id":17724,"date":"2023-10-17T15:25:51","date_gmt":"2023-10-17T15:25:51","guid":{"rendered":"https:\/\/www2.apd.mr\/fr\/?page_id=17724"},"modified":"2023-10-17T15:58:07","modified_gmt":"2023-10-17T15:58:07","slug":"regime-de-lautorisation-sur-avis-de-lautorite-de-protection-des-donnees-a-caractere-personnel","status":"publish","type":"page","link":"https:\/\/www.apd.mr\/fr\/formalites-prealables\/regime-de-lautorisation-sur-avis-de-lautorite-de-protection-des-donnees-a-caractere-personnel\/","title":{"rendered":"R\u00e9gime de l&rsquo;autorisation sur avis de l&rsquo;APD"},"content":{"rendered":"\t\t<div data-elementor-type=\"wp-page\" data-elementor-id=\"17724\" class=\"elementor elementor-17724\">\n\t\t\t\t\t\t<section class=\"wd-negative-gap elementor-section elementor-top-section elementor-element elementor-element-f1d000d elementor-section-boxed elementor-section-height-default elementor-section-height-default\" data-id=\"f1d000d\" data-element_type=\"section\" data-e-type=\"section\">\n\t\t\t\t\t\t<div class=\"elementor-container elementor-column-gap-default\">\n\t\t\t\t\t<div class=\"elementor-column elementor-col-100 elementor-top-column elementor-element elementor-element-900b694\" data-id=\"900b694\" data-element_type=\"column\" data-e-type=\"column\">\n\t\t\t<div class=\"elementor-widget-wrap elementor-element-populated\">\n\t\t\t\t\t\t<div class=\"elementor-element elementor-element-b7176aa elementor-widget elementor-widget-wd_text_block\" data-id=\"b7176aa\" data-element_type=\"widget\" data-e-type=\"widget\" data-widget_type=\"wd_text_block.default\">\n\t\t\t\t<div class=\"elementor-widget-container\">\n\t\t\t\t\t\t\t<div class=\"wd-text-block reset-last-child text-left\">\n\t\t\t\n\t\t\t<p>Hormis les cas o\u00f9 ils doivent \u00eatre autoris\u00e9s par la loi et par d\u00e9rogation aux dispositions des articles pr\u00e9c\u00e9dents, les traitements des donn\u00e9es \u00e0 caract\u00e8re personnel op\u00e9r\u00e9s pour le compte de l'Etat, d'un \u00e9tablissement public ou d'une collectivit\u00e9 locale ou d'une personne morale de droit priv\u00e9 g\u00e9rant un service public, sont autoris\u00e9s par acte r\u00e9glementaire, pris apr\u00e8s avis motiv\u00e9 de l'Autorit\u00e9 de Protection des Donn\u00e9es \u00e0 caract\u00e8re personnel.<\/p><p>Ces traitements portent sur :<\/p><ol><li>la s\u00fbret\u00e9 de l'Etat, la d\u00e9fense ou la s\u00e9curit\u00e9 publique ;<\/li><li>la pr\u00e9vention, la recherche, la constatation ou la poursuite des infractions p\u00e9nales ou l'ex\u00e9cution des condamnations p\u00e9nales ou des mesures de s\u00fbret\u00e9 ;<\/li><li>le recensement de la population ;<\/li><li>les donn\u00e9es \u00e0 caract\u00e8re personnel faisant appara\u00eetre, directement ou indirectement, les origines raciales, edm iq ues ou r\u00e9g ionales , la filiation, les opinions politiques, philosophiques ou religieuses ou l'appartenance syndicale des personnes, ou qui sont relatives \u00e0 la sant\u00e9 ou \u00e0 la vie sexuelle de celles-ci ;<\/li><li>le traitement de salaires, pensions, imp\u00f4ts, taxes et autres liquidations ;<\/li><li>la mise en \u0153uvre du recouvrement des ressources de l'Etat.<\/li><\/ol><p>L' Autorit\u00e9 de Protection des Donn\u00e9es \u00e0 caract\u00e8re personnel saisie d'une demande d'avis se prononce dans un d\u00e9lai de deux (2) mois \u00e0 compter de la r\u00e9ception de la demande. Toutefois, ce d\u00e9lai peut \u00eatre renouvel\u00e9 une fois sur d\u00e9cision motiv\u00e9e du pr\u00e9sident.<\/p><p>Si l'Autorit\u00e9 de Protection des Donn\u00e9es \u00e0 caract\u00e8re personnel saisie ne se prononce pas jusqu'\u00e0 l'expiration du d\u00e9lai fix\u00e9 \u00e0 l'alin\u00e9a pr\u00e9c\u00e9dent, l'avis est r\u00e9put\u00e9 favorable.<\/p><p>L'acte r\u00e9glementaire pris sur avis de l' Autorit\u00e9 de Protection des Donn\u00e9es \u00e0 caract\u00e8re personnel et autorisant les traitements vis\u00e9s ci-dessus pr\u00e9cise :<\/p><p>la d\u00e9nomination et la finalit\u00e9 du traitement ;<\/p><p>le service aupr\u00e8s duquel s'exerce le droit d'acc\u00e8s ;<\/p><p>les cat\u00e9gories des donn\u00e9es \u00e0 caract\u00e8re personnel enregistr\u00e9es;<\/p><p>les destinataires ou cat\u00e9gories de destinataires habilit\u00e9s \u00e0 recevoir communication de ces donn\u00e9es ;<\/p><p>les d\u00e9rogations \u00e0 l'obligation d'information pr\u00e9vues par les dispositions de l'article 50 de la loi 2017-020 sur la protection des donn\u00e9es \u00e0 caract\u00e8re personnel, s'il y a lieu.<\/p>\n\t\t\t\t\t<\/div>\n\t\t\t\t\t\t<\/div>\n\t\t\t\t<\/div>\n\t\t\t\t\t<\/div>\n\t\t<\/div>\n\t\t\t\t\t<\/div>\n\t\t<\/section>\n\t\t\t\t<\/div>\n\t\t","protected":false},"excerpt":{"rendered":"<p>Hormis les cas o\u00f9 ils doivent \u00eatre autoris\u00e9s par la loi et par d\u00e9rogation aux dispositions des articles pr\u00e9c\u00e9dents, les<\/p>\n","protected":false},"author":2,"featured_media":0,"parent":17711,"menu_order":0,"comment_status":"closed","ping_status":"closed","template":"","meta":{"inline_featured_image":false,"footnotes":""},"class_list":["post-17724","page","type-page","status-publish","hentry"],"_links":{"self":[{"href":"https:\/\/www.apd.mr\/fr\/wp-json\/wp\/v2\/pages\/17724","targetHints":{"allow":["GET"]}}],"collection":[{"href":"https:\/\/www.apd.mr\/fr\/wp-json\/wp\/v2\/pages"}],"about":[{"href":"https:\/\/www.apd.mr\/fr\/wp-json\/wp\/v2\/types\/page"}],"author":[{"embeddable":true,"href":"https:\/\/www.apd.mr\/fr\/wp-json\/wp\/v2\/users\/2"}],"replies":[{"embeddable":true,"href":"https:\/\/www.apd.mr\/fr\/wp-json\/wp\/v2\/comments?post=17724"}],"version-history":[{"count":6,"href":"https:\/\/www.apd.mr\/fr\/wp-json\/wp\/v2\/pages\/17724\/revisions"}],"predecessor-version":[{"id":17746,"href":"https:\/\/www.apd.mr\/fr\/wp-json\/wp\/v2\/pages\/17724\/revisions\/17746"}],"up":[{"embeddable":true,"href":"https:\/\/www.apd.mr\/fr\/wp-json\/wp\/v2\/pages\/17711"}],"wp:attachment":[{"href":"https:\/\/www.apd.mr\/fr\/wp-json\/wp\/v2\/media?parent=17724"}],"curies":[{"name":"wp","href":"https:\/\/api.w.org\/{rel}","templated":true}]}}