{"id":18223,"date":"2024-03-28T21:46:52","date_gmt":"2024-03-28T21:46:52","guid":{"rendered":"https:\/\/www2.apd.mr\/fr\/?page_id=18223"},"modified":"2024-12-27T11:20:15","modified_gmt":"2024-12-27T11:20:15","slug":"plan-stragtegique-2023-2026","status":"publish","type":"page","link":"https:\/\/www.apd.mr\/fr\/plan-stragtegique-2023-2026\/","title":{"rendered":"Plan Stragt\u00e9gique 2023 &#8211; 2026"},"content":{"rendered":"\t\t<div data-elementor-type=\"wp-page\" data-elementor-id=\"18223\" class=\"elementor elementor-18223\">\n\t\t\t\t\t\t<section class=\"wd-negative-gap elementor-section elementor-top-section elementor-element elementor-element-0c03b10 elementor-section-boxed elementor-section-height-default elementor-section-height-default\" data-id=\"0c03b10\" data-element_type=\"section\" data-e-type=\"section\">\n\t\t\t\t\t\t<div class=\"elementor-container elementor-column-gap-default\">\n\t\t\t\t\t<div class=\"elementor-column elementor-col-100 elementor-top-column elementor-element elementor-element-ad05c2a\" data-id=\"ad05c2a\" data-element_type=\"column\" data-e-type=\"column\">\n\t\t\t<div class=\"elementor-widget-wrap elementor-element-populated\">\n\t\t\t\t\t\t<div class=\"elementor-element elementor-element-bda8ada elementor-widget elementor-widget-wd_text_block\" data-id=\"bda8ada\" data-element_type=\"widget\" data-e-type=\"widget\" data-widget_type=\"wd_text_block.default\">\n\t\t\t\t<div class=\"elementor-widget-container\">\n\t\t\t\t\t\t\t<div class=\"wd-text-block reset-last-child text-left\">\n\t\t\t\n\t\t\t<p style=\"text-align: justify;\">\u00a0\u00a0\u00a0\u00a0\u00a0\u00a0\u00a0 Cr\u00e9\u00e9e par la loi n\u00b0 2017-020 sur la protection des donn\u00e9es \u00e0 caract\u00e8re personnel, l\u2019Autorit\u00e9 de protection des donn\u00e9es \u00e0 caract\u00e8re personnel (APD) est charg\u00e9e de veiller \u00e0 ce que les traitements des donn\u00e9es \u00e0 caract\u00e8re personnel, en R\u00e9publique Islamique de Mauritanie, soient mis en \u0153uvre conform\u00e9ment \u00e0 la loi susmentionn\u00e9e.<\/p>\n<p style=\"text-align: justify;\">\u00a0\u00a0\u00a0\u00a0\u00a0\u00a0\u00a0 L\u2019APD autorise et contr\u00f4le tout traitement de donn\u00e9es \u00e0 caract\u00e8re personnel, effectu\u00e9 par une personne physique, par l'Etat, les collectivit\u00e9s locales, les personnes morales de droit public ou de droit priv\u00e9 ainsi que tout traitement des donn\u00e9es concernant la s\u00e9curit\u00e9 publique, la d\u00e9fense, la recherche et la poursuite d'infractions p\u00e9nales ou la s\u00fbret\u00e9 de l'Etat, m\u00eame li\u00e9es \u00e0 un int\u00e9r\u00eat quelconque de l\u2019Etat, sous r\u00e9serve des d\u00e9rogations que pr\u00e9voit la loi n\u00b0 2017-020 et des dispositions sp\u00e9cifiques en la mati\u00e8re fix\u00e9es par d'autres lois.<\/p>\n<p style=\"text-align: justify;\">\u00a0\u00a0\u00a0\u00a0\u00a0\u00a0\u00a0 A cet effet, l\u2019APD se donne pour principal objectif de poser les jalons d\u2019une r\u00e9gulation efficace de protection des donn\u00e9es \u00e0 caract\u00e8re personnel en Mauritanie. Elle \u0153uvrera, conform\u00e9ment \u00e0 sa mission de r\u00e9gulateur, \u00e0 prot\u00e9ger les droits des citoyens en contr\u00f4lant les responsables de traitement et \u00e0 sanctionner la mise en \u0153uvre de tout traitement ou toute exploitation de donn\u00e9es \u00e0 caract\u00e8re personnel qui entrainent une violation de droits et libert\u00e9s.<\/p>\n<p style=\"text-align: justify;\">\u00a0\u00a0\u00a0\u00a0\u00a0\u00a0\u00a0\u00a0 L\u2019APD articulera ses orientations strat\u00e9giques autour des axes prioritaires suivants.<\/p>\n\n\t\t\t\t\t<\/div>\n\t\t\t\t\t\t<\/div>\n\t\t\t\t<\/div>\n\t\t\t\t\t<\/div>\n\t\t<\/div>\n\t\t\t\t\t<\/div>\n\t\t<\/section>\n\t\t\t\t<section class=\"wd-negative-gap elementor-section elementor-top-section elementor-element elementor-element-7d826dc elementor-section-boxed elementor-section-height-default elementor-section-height-default\" data-id=\"7d826dc\" data-element_type=\"section\" data-e-type=\"section\">\n\t\t\t\t\t\t<div class=\"elementor-container elementor-column-gap-default\">\n\t\t\t\t\t<div class=\"elementor-column elementor-col-100 elementor-top-column elementor-element elementor-element-8c44c20\" data-id=\"8c44c20\" data-element_type=\"column\" data-e-type=\"column\">\n\t\t\t<div class=\"elementor-widget-wrap elementor-element-populated\">\n\t\t\t\t\t\t<div class=\"elementor-element elementor-element-2f8bd7e elementor-widget elementor-widget-wd_text_block\" data-id=\"2f8bd7e\" data-element_type=\"widget\" data-e-type=\"widget\" data-widget_type=\"wd_text_block.default\">\n\t\t\t\t<div class=\"elementor-widget-container\">\n\t\t\t\t\t\t\t<div class=\"wd-text-block reset-last-child text-left\">\n\t\t\t\n\t\t\t<h1><span style=\"color: #ffffff;\">Axe 1: Cr\u00e9er un service public de protection de la vie priv\u00e9e des citoyens<\/span><\/h1>\n\t\t\t\t\t<\/div>\n\t\t\t\t\t\t<\/div>\n\t\t\t\t<\/div>\n\t\t\t\t\t<\/div>\n\t\t<\/div>\n\t\t\t\t\t<\/div>\n\t\t<\/section>\n\t\t\t\t<section class=\"wd-negative-gap elementor-section elementor-top-section elementor-element elementor-element-d0431aa elementor-section-boxed elementor-section-height-default elementor-section-height-default\" data-id=\"d0431aa\" data-element_type=\"section\" data-e-type=\"section\">\n\t\t\t\t\t\t<div class=\"elementor-container elementor-column-gap-default\">\n\t\t\t\t\t<div class=\"elementor-column elementor-col-100 elementor-top-column elementor-element elementor-element-77a53ad\" data-id=\"77a53ad\" data-element_type=\"column\" data-e-type=\"column\">\n\t\t\t<div class=\"elementor-widget-wrap elementor-element-populated\">\n\t\t\t\t\t\t<div class=\"elementor-element elementor-element-3518b88 elementor-widget elementor-widget-wd_text_block\" data-id=\"3518b88\" data-element_type=\"widget\" data-e-type=\"widget\" data-widget_type=\"wd_text_block.default\">\n\t\t\t\t<div class=\"elementor-widget-container\">\n\t\t\t\t\t\t\t<div class=\"wd-text-block reset-last-child text-left\">\n\t\t\t\n\t\t\t<p style=\"text-align: justify;\">\u00a0\u00a0\u00a0\u00a0\u00a0\u00a0\u00a0 Le plan strat\u00e9gique de l\u2019APD 2023-2026 est plac\u00e9 sous le signe de l\u2019entr\u00e9e en vigueur de la loi n\u00b0 2017-020 sur la protection des donn\u00e9es \u00e0 caract\u00e8re personnel. En effet, l\u2019APD se donne pour premier objectif de cr\u00e9er un service public de protection de la vie priv\u00e9e des citoyens.<\/p><p style=\"text-align: justify;\">\u00a0\u00a0\u00a0\u00a0\u00a0\u00a0\u00a0 Dans ce cadre, l\u2019axe n\u00b0 1 du plan strat\u00e9gique sera d\u00e9clin\u00e9 en trois objectifs:<\/p>\n\t\t\t\t\t<\/div>\n\t\t\t\t\t\t<\/div>\n\t\t\t\t<\/div>\n\t\t\t\t\t<\/div>\n\t\t<\/div>\n\t\t\t\t\t<\/div>\n\t\t<\/section>\n\t\t\t\t<section class=\"wd-negative-gap elementor-section elementor-top-section elementor-element elementor-element-77b4035 elementor-section-boxed elementor-section-height-default elementor-section-height-default\" data-id=\"77b4035\" data-element_type=\"section\" data-e-type=\"section\">\n\t\t\t\t\t\t<div class=\"elementor-container elementor-column-gap-default\">\n\t\t\t\t\t<div class=\"elementor-column elementor-col-100 elementor-top-column elementor-element elementor-element-594435d\" data-id=\"594435d\" data-element_type=\"column\" data-e-type=\"column\">\n\t\t\t<div class=\"elementor-widget-wrap elementor-element-populated\">\n\t\t\t\t\t\t<div class=\"elementor-element elementor-element-301d5d3 elementor-widget elementor-widget-wd_text_block\" data-id=\"301d5d3\" data-element_type=\"widget\" data-e-type=\"widget\" data-widget_type=\"wd_text_block.default\">\n\t\t\t\t<div class=\"elementor-widget-container\">\n\t\t\t\t\t\t\t<div class=\"wd-text-block reset-last-child text-left\">\n\t\t\t\n\t\t\t<h2>1. Recruter et former les ressources humaines<\/h2>\n\t\t\t\t\t<\/div>\n\t\t\t\t\t\t<\/div>\n\t\t\t\t<\/div>\n\t\t\t\t\t<\/div>\n\t\t<\/div>\n\t\t\t\t\t<\/div>\n\t\t<\/section>\n\t\t\t\t<section class=\"wd-negative-gap elementor-section elementor-top-section elementor-element elementor-element-78fb15c elementor-section-boxed elementor-section-height-default elementor-section-height-default\" data-id=\"78fb15c\" data-element_type=\"section\" data-e-type=\"section\">\n\t\t\t\t\t\t<div class=\"elementor-container elementor-column-gap-default\">\n\t\t\t\t\t<div class=\"elementor-column elementor-col-100 elementor-top-column elementor-element elementor-element-a450aae\" data-id=\"a450aae\" data-element_type=\"column\" data-e-type=\"column\">\n\t\t\t<div class=\"elementor-widget-wrap elementor-element-populated\">\n\t\t\t\t\t\t<div class=\"elementor-element elementor-element-01107d1 elementor-widget elementor-widget-wd_text_block\" data-id=\"01107d1\" data-element_type=\"widget\" data-e-type=\"widget\" data-widget_type=\"wd_text_block.default\">\n\t\t\t\t<div class=\"elementor-widget-container\">\n\t\t\t\t\t\t\t<div class=\"wd-text-block reset-last-child text-left\">\n\t\t\t\n\t\t\t<p style=\"text-align: justify;\">\u00a0\u00a0\u00a0\u00a0\u00a0\u00a0\u00a0         Dans le but de jouer pleinement sa mission de r\u00e9gulateur national de protection des donn\u00e9es \u00e0 caract\u00e8re personnel en Mauritanie, l\u2019APD mettra en \u0153uvre un plan de recrutement afin d'engager les meilleurs profils disponibles dans les secteurs public et priv\u00e9. Les recrutements seront ouverts aux fonctionnaires et aux non fonctionnaires, de nationalit\u00e9 mauritanienne.  La s\u00e9lection se fera sur la base des crit\u00e8res d\u2019int\u00e9grit\u00e9 morale, de qualification et d\u2019exp\u00e9rience.<\/p>\n\t\t\t\t\t<\/div>\n\t\t\t\t\t\t<\/div>\n\t\t\t\t<\/div>\n\t\t\t\t\t<\/div>\n\t\t<\/div>\n\t\t\t\t\t<\/div>\n\t\t<\/section>\n\t\t\t\t<section class=\"wd-negative-gap elementor-section elementor-top-section elementor-element elementor-element-addd614 elementor-section-boxed elementor-section-height-default elementor-section-height-default\" data-id=\"addd614\" data-element_type=\"section\" data-e-type=\"section\">\n\t\t\t\t\t\t<div class=\"elementor-container elementor-column-gap-default\">\n\t\t\t\t\t<div class=\"elementor-column elementor-col-100 elementor-top-column elementor-element elementor-element-ba15a62\" data-id=\"ba15a62\" data-element_type=\"column\" data-e-type=\"column\">\n\t\t\t<div class=\"elementor-widget-wrap elementor-element-populated\">\n\t\t\t\t\t\t<div class=\"elementor-element elementor-element-6c2bf0c elementor-widget elementor-widget-wd_text_block\" data-id=\"6c2bf0c\" data-element_type=\"widget\" data-e-type=\"widget\" data-widget_type=\"wd_text_block.default\">\n\t\t\t\t<div class=\"elementor-widget-container\">\n\t\t\t\t\t\t\t<div class=\"wd-text-block reset-last-child text-left\">\n\t\t\t\n\t\t\t<h2>2. D\u00e9velopper l\u2019offre de formation continue des agents<\/h2>\n\t\t\t\t\t<\/div>\n\t\t\t\t\t\t<\/div>\n\t\t\t\t<\/div>\n\t\t\t\t\t<\/div>\n\t\t<\/div>\n\t\t\t\t\t<\/div>\n\t\t<\/section>\n\t\t\t\t<section class=\"wd-negative-gap elementor-section elementor-top-section elementor-element elementor-element-a5e8ca7 elementor-section-boxed elementor-section-height-default elementor-section-height-default\" data-id=\"a5e8ca7\" data-element_type=\"section\" data-e-type=\"section\">\n\t\t\t\t\t\t<div class=\"elementor-container elementor-column-gap-default\">\n\t\t\t\t\t<div class=\"elementor-column elementor-col-100 elementor-top-column elementor-element elementor-element-a2fa398\" data-id=\"a2fa398\" data-element_type=\"column\" data-e-type=\"column\">\n\t\t\t<div class=\"elementor-widget-wrap elementor-element-populated\">\n\t\t\t\t\t\t<div class=\"elementor-element elementor-element-45fb788 elementor-widget elementor-widget-wd_text_block\" data-id=\"45fb788\" data-element_type=\"widget\" data-e-type=\"widget\" data-widget_type=\"wd_text_block.default\">\n\t\t\t\t<div class=\"elementor-widget-container\">\n\t\t\t\t\t\t\t<div class=\"wd-text-block reset-last-child text-left\">\n\t\t\t\n\t\t\t<p style=\"text-align: justify;\">\u00a0\u00a0\u00a0\u00a0\u00a0\u00a0\u00a0         Le renforcement des capacit\u00e9s des membres et des agents est une priorit\u00e9 de l\u2019APD. A cet effet, des voyages d\u2019\u00e9tudes et de partage d\u2019exp\u00e9riences seront organis\u00e9s aupr\u00e8s des institutions similaires ainsi que des formations continues de perfectionnement au profit des agents de l\u2019APD aupr\u00e8s des instances internationales et r\u00e9gionales sp\u00e9cialis\u00e9es.<\/p>\n\t\t\t\t\t<\/div>\n\t\t\t\t\t\t<\/div>\n\t\t\t\t<\/div>\n\t\t\t\t\t<\/div>\n\t\t<\/div>\n\t\t\t\t\t<\/div>\n\t\t<\/section>\n\t\t\t\t<section class=\"wd-negative-gap elementor-section elementor-top-section elementor-element elementor-element-aa3efa5 elementor-section-boxed elementor-section-height-default elementor-section-height-default\" data-id=\"aa3efa5\" data-element_type=\"section\" data-e-type=\"section\">\n\t\t\t\t\t\t<div class=\"elementor-container elementor-column-gap-default\">\n\t\t\t\t\t<div class=\"elementor-column elementor-col-100 elementor-top-column elementor-element elementor-element-1b4c074\" data-id=\"1b4c074\" data-element_type=\"column\" data-e-type=\"column\">\n\t\t\t<div class=\"elementor-widget-wrap elementor-element-populated\">\n\t\t\t\t\t\t<div class=\"elementor-element elementor-element-c018e2c elementor-widget elementor-widget-wd_text_block\" data-id=\"c018e2c\" data-element_type=\"widget\" data-e-type=\"widget\" data-widget_type=\"wd_text_block.default\">\n\t\t\t\t<div class=\"elementor-widget-container\">\n\t\t\t\t\t\t\t<div class=\"wd-text-block reset-last-child text-left\">\n\t\t\t\n\t\t\t<h2>3. Int\u00e9grer et d\u00e9velopper les outils de support informatique<\/h2>\n\t\t\t\t\t<\/div>\n\t\t\t\t\t\t<\/div>\n\t\t\t\t<\/div>\n\t\t\t\t\t<\/div>\n\t\t<\/div>\n\t\t\t\t\t<\/div>\n\t\t<\/section>\n\t\t\t\t<section class=\"wd-negative-gap elementor-section elementor-top-section elementor-element elementor-element-dadf1d5 elementor-section-boxed elementor-section-height-default elementor-section-height-default\" data-id=\"dadf1d5\" data-element_type=\"section\" data-e-type=\"section\">\n\t\t\t\t\t\t<div class=\"elementor-container elementor-column-gap-default\">\n\t\t\t\t\t<div class=\"elementor-column elementor-col-100 elementor-top-column elementor-element elementor-element-9fd4365\" data-id=\"9fd4365\" data-element_type=\"column\" data-e-type=\"column\">\n\t\t\t<div class=\"elementor-widget-wrap elementor-element-populated\">\n\t\t\t\t\t\t<div class=\"elementor-element elementor-element-5c962cc elementor-widget elementor-widget-wd_text_block\" data-id=\"5c962cc\" data-element_type=\"widget\" data-e-type=\"widget\" data-widget_type=\"wd_text_block.default\">\n\t\t\t\t<div class=\"elementor-widget-container\">\n\t\t\t\t\t\t\t<div class=\"wd-text-block reset-last-child text-left\">\n\t\t\t\n\t\t\t<p style=\"text-align: justify;\">\u00a0\u00a0\u00a0\u00a0\u00a0\u00a0\u00a0 L\u2019APD d\u00e9finira et mettra en \u0153uvre une plate-forme informatique, bas\u00e9e sur une architecture centrale, s\u00e9curis\u00e9e, et communicante (formalit\u00e9s pr\u00e9alables, collecte d\u2019informations, courrier, virtualisation et disponibilit\u00e9 de donn\u00e9es, outil de travail collaboratif, la t\u00e9l\u00e9phonie IP, s\u00e9curit\u00e9 centralis\u00e9e, archivage num\u00e9rique, \u2026).<\/p><p style=\"text-align: justify;\">\u00a0\u00a0\u00a0\u00a0\u00a0\u00a0\u00a0 La plate-forme permettra aux responsables de traitement d\u2019accomplir en ligne les formalit\u00e9s pr\u00e9alables aux traitements des donn\u00e9es \u00e0 caract\u00e8re personnel (d\u00e9claration, demande d\u2019autorisation et demande d\u2019avis).<\/p>\n\t\t\t\t\t<\/div>\n\t\t\t\t\t\t<\/div>\n\t\t\t\t<\/div>\n\t\t\t\t\t<\/div>\n\t\t<\/div>\n\t\t\t\t\t<\/div>\n\t\t<\/section>\n\t\t\t\t<section class=\"wd-negative-gap elementor-section elementor-top-section elementor-element elementor-element-9fab3f2 elementor-section-boxed elementor-section-height-default elementor-section-height-default\" data-id=\"9fab3f2\" data-element_type=\"section\" data-e-type=\"section\">\n\t\t\t\t\t\t<div class=\"elementor-container elementor-column-gap-default\">\n\t\t\t\t\t<div class=\"elementor-column elementor-col-100 elementor-top-column elementor-element elementor-element-1a7e849\" data-id=\"1a7e849\" data-element_type=\"column\" data-e-type=\"column\">\n\t\t\t<div class=\"elementor-widget-wrap elementor-element-populated\">\n\t\t\t\t\t\t<div class=\"elementor-element elementor-element-0bd3289 elementor-widget elementor-widget-wd_text_block\" data-id=\"0bd3289\" data-element_type=\"widget\" data-e-type=\"widget\" data-widget_type=\"wd_text_block.default\">\n\t\t\t\t<div class=\"elementor-widget-container\">\n\t\t\t\t\t\t\t<div class=\"wd-text-block reset-last-child text-left\">\n\t\t\t\n\t\t\t<h1><span style=\"color: #ffffff;\">Axe 2: Sensibiliser les acteurs \u00e0 la protection des donn\u00e9es<\/span><\/h1>\n\t\t\t\t\t<\/div>\n\t\t\t\t\t\t<\/div>\n\t\t\t\t<\/div>\n\t\t\t\t\t<\/div>\n\t\t<\/div>\n\t\t\t\t\t<\/div>\n\t\t<\/section>\n\t\t\t\t<section class=\"wd-negative-gap elementor-section elementor-top-section elementor-element elementor-element-fb36bd1 elementor-section-boxed elementor-section-height-default elementor-section-height-default\" data-id=\"fb36bd1\" data-element_type=\"section\" data-e-type=\"section\">\n\t\t\t\t\t\t<div class=\"elementor-container elementor-column-gap-default\">\n\t\t\t\t\t<div class=\"elementor-column elementor-col-100 elementor-top-column elementor-element elementor-element-a74524a\" data-id=\"a74524a\" data-element_type=\"column\" data-e-type=\"column\">\n\t\t\t<div class=\"elementor-widget-wrap elementor-element-populated\">\n\t\t\t\t\t\t<div class=\"elementor-element elementor-element-3cfec80 elementor-widget elementor-widget-wd_text_block\" data-id=\"3cfec80\" data-element_type=\"widget\" data-e-type=\"widget\" data-widget_type=\"wd_text_block.default\">\n\t\t\t\t<div class=\"elementor-widget-container\">\n\t\t\t\t\t\t\t<div class=\"wd-text-block reset-last-child text-left\">\n\t\t\t\n\t\t\t<p style=\"text-align: justify;\">\u00a0\u00a0\u00a0\u00a0\u00a0\u00a0\u00a0 L\u2019APD mettra en ouvre un plan de sensibilisation et de communication. Elle se fixe trois objectifs en la mati\u00e8re:<\/p>\n\t\t\t\t\t<\/div>\n\t\t\t\t\t\t<\/div>\n\t\t\t\t<\/div>\n\t\t\t\t\t<\/div>\n\t\t<\/div>\n\t\t\t\t\t<\/div>\n\t\t<\/section>\n\t\t\t\t<section class=\"wd-negative-gap elementor-section elementor-top-section elementor-element elementor-element-3da9b88 elementor-section-boxed elementor-section-height-default elementor-section-height-default\" data-id=\"3da9b88\" data-element_type=\"section\" data-e-type=\"section\">\n\t\t\t\t\t\t<div class=\"elementor-container elementor-column-gap-default\">\n\t\t\t\t\t<div class=\"elementor-column elementor-col-100 elementor-top-column elementor-element elementor-element-7ec8c16\" data-id=\"7ec8c16\" data-element_type=\"column\" data-e-type=\"column\">\n\t\t\t<div class=\"elementor-widget-wrap elementor-element-populated\">\n\t\t\t\t\t\t<div class=\"elementor-element elementor-element-fc99efd elementor-widget elementor-widget-wd_text_block\" data-id=\"fc99efd\" data-element_type=\"widget\" data-e-type=\"widget\" data-widget_type=\"wd_text_block.default\">\n\t\t\t\t<div class=\"elementor-widget-container\">\n\t\t\t\t\t\t\t<div class=\"wd-text-block reset-last-child text-left\">\n\t\t\t\n\t\t\t<h2>1. Informer les personnes concern\u00e9es (citoyens) de leurs droits<\/h2>\n\t\t\t\t\t<\/div>\n\t\t\t\t\t\t<\/div>\n\t\t\t\t<\/div>\n\t\t\t\t\t<\/div>\n\t\t<\/div>\n\t\t\t\t\t<\/div>\n\t\t<\/section>\n\t\t\t\t<section class=\"wd-negative-gap elementor-section elementor-top-section elementor-element elementor-element-c7549ca elementor-section-boxed elementor-section-height-default elementor-section-height-default\" data-id=\"c7549ca\" data-element_type=\"section\" data-e-type=\"section\">\n\t\t\t\t\t\t<div class=\"elementor-container elementor-column-gap-default\">\n\t\t\t\t\t<div class=\"elementor-column elementor-col-100 elementor-top-column elementor-element elementor-element-0665f56\" data-id=\"0665f56\" data-element_type=\"column\" data-e-type=\"column\">\n\t\t\t<div class=\"elementor-widget-wrap elementor-element-populated\">\n\t\t\t\t\t\t<div class=\"elementor-element elementor-element-f6983b2 elementor-widget elementor-widget-wd_text_block\" data-id=\"f6983b2\" data-element_type=\"widget\" data-e-type=\"widget\" data-widget_type=\"wd_text_block.default\">\n\t\t\t\t<div class=\"elementor-widget-container\">\n\t\t\t\t\t\t\t<div class=\"wd-text-block reset-last-child text-left\">\n\t\t\t\n\t\t\t<ul><li>Favoriser l\u2019exercice des droits en informant les personnes concern\u00e9es (citoyens) de leurs droits et mettre \u00e0 leur disposition les outils leur permettant d\u2019exercer ces droits ;<\/li><li>Sensibiliser les citoyens sur les risques associ\u00e9s \u00e0 l\u2019utilisation de : mail, r\u00e9seaux sociaux (Facebook, Instagram, Snapchat, Tik Tok, Twitter, Linkedin).<\/li><\/ul>\n\t\t\t\t\t<\/div>\n\t\t\t\t\t\t<\/div>\n\t\t\t\t<\/div>\n\t\t\t\t\t<\/div>\n\t\t<\/div>\n\t\t\t\t\t<\/div>\n\t\t<\/section>\n\t\t\t\t<section class=\"wd-negative-gap elementor-section elementor-top-section elementor-element elementor-element-4578545 elementor-section-boxed elementor-section-height-default elementor-section-height-default\" data-id=\"4578545\" data-element_type=\"section\" data-e-type=\"section\">\n\t\t\t\t\t\t<div class=\"elementor-container elementor-column-gap-default\">\n\t\t\t\t\t<div class=\"elementor-column elementor-col-100 elementor-top-column elementor-element elementor-element-c81b32b\" data-id=\"c81b32b\" data-element_type=\"column\" data-e-type=\"column\">\n\t\t\t<div class=\"elementor-widget-wrap elementor-element-populated\">\n\t\t\t\t\t\t<div class=\"elementor-element elementor-element-e9e06fa elementor-widget elementor-widget-wd_text_block\" data-id=\"e9e06fa\" data-element_type=\"widget\" data-e-type=\"widget\" data-widget_type=\"wd_text_block.default\">\n\t\t\t\t<div class=\"elementor-widget-container\">\n\t\t\t\t\t\t\t<div class=\"wd-text-block reset-last-child text-left\">\n\t\t\t\n\t\t\t<h2>2. Informer les responsables de traitement de leurs obligations<\/h2>\n\t\t\t\t\t<\/div>\n\t\t\t\t\t\t<\/div>\n\t\t\t\t<\/div>\n\t\t\t\t\t<\/div>\n\t\t<\/div>\n\t\t\t\t\t<\/div>\n\t\t<\/section>\n\t\t\t\t<section class=\"wd-negative-gap elementor-section elementor-top-section elementor-element elementor-element-f22039d elementor-section-boxed elementor-section-height-default elementor-section-height-default\" data-id=\"f22039d\" data-element_type=\"section\" data-e-type=\"section\">\n\t\t\t\t\t\t<div class=\"elementor-container elementor-column-gap-default\">\n\t\t\t\t\t<div class=\"elementor-column elementor-col-100 elementor-top-column elementor-element elementor-element-af9ac56\" data-id=\"af9ac56\" data-element_type=\"column\" data-e-type=\"column\">\n\t\t\t<div class=\"elementor-widget-wrap elementor-element-populated\">\n\t\t\t\t\t\t<div class=\"elementor-element elementor-element-3158546 elementor-widget elementor-widget-wd_text_block\" data-id=\"3158546\" data-element_type=\"widget\" data-e-type=\"widget\" data-widget_type=\"wd_text_block.default\">\n\t\t\t\t<div class=\"elementor-widget-container\">\n\t\t\t\t\t\t\t<div class=\"wd-text-block reset-last-child text-left\">\n\t\t\t\n\t\t\t<p style=\"text-align: justify;\">\u00a0\u00a0\u00a0\u00a0\u00a0\u00a0\u00a0 L\u2019objectif est de sensibiliser les responsables de traitement des donn\u00e9es \u00e0 caract\u00e8re personnel de leurs obligations au regard des prescriptions de la loi 2017-020, notamment la mise en conformit\u00e9 des traitements \u00e0 caract\u00e8re personnel.\n<\/p>\n<p style=\"text-align: justify;\">\u00a0\u00a0\u00a0\u00a0\u00a0\u00a0\u00a0<br \/>\nElle d\u00e9veloppera les outils de conformit\u00e9 afin d\u2019accompagner la mise en conformit\u00e9 du secteur public, le secteur priv\u00e9 et la soci\u00e9t\u00e9 civile en mati\u00e8re de protection des donn\u00e9es \u00e0 caract\u00e8re personnel. A cet effet, elle mettra \u00e0 la disposition des responsables de traitement les outils de conformit\u00e9.<\/p>\n<p style=\"text-align: justify;\">\u00a0\u00a0\u00a0\u00a0\u00a0\u00a0\u00a0<br \/>\nEn outre, des ateliers sur les sujets prioritaires seront organis\u00e9s \u00e0 Nouakchott et \u00e0 l\u2019int\u00e9rieur du Pays.<\/p>\n\n\t\t\t\t\t<\/div>\n\t\t\t\t\t\t<\/div>\n\t\t\t\t<\/div>\n\t\t\t\t\t<\/div>\n\t\t<\/div>\n\t\t\t\t\t<\/div>\n\t\t<\/section>\n\t\t\t\t<section class=\"wd-negative-gap elementor-section elementor-top-section elementor-element elementor-element-a91570b elementor-section-boxed elementor-section-height-default elementor-section-height-default\" data-id=\"a91570b\" data-element_type=\"section\" data-e-type=\"section\">\n\t\t\t\t\t\t<div class=\"elementor-container elementor-column-gap-default\">\n\t\t\t\t\t<div class=\"elementor-column elementor-col-100 elementor-top-column elementor-element elementor-element-733190c\" data-id=\"733190c\" data-element_type=\"column\" data-e-type=\"column\">\n\t\t\t<div class=\"elementor-widget-wrap elementor-element-populated\">\n\t\t\t\t\t\t<div class=\"elementor-element elementor-element-65cb5e8 elementor-widget elementor-widget-wd_text_block\" data-id=\"65cb5e8\" data-element_type=\"widget\" data-e-type=\"widget\" data-widget_type=\"wd_text_block.default\">\n\t\t\t\t<div class=\"elementor-widget-container\">\n\t\t\t\t\t\t\t<div class=\"wd-text-block reset-last-child text-left\">\n\t\t\t\n\t\t\t<h2>3. Partenariat APD \/ Soci\u00e9t\u00e9 civile <\/h2>\n\t\t\t\t\t<\/div>\n\t\t\t\t\t\t<\/div>\n\t\t\t\t<\/div>\n\t\t\t\t\t<\/div>\n\t\t<\/div>\n\t\t\t\t\t<\/div>\n\t\t<\/section>\n\t\t\t\t<section class=\"wd-negative-gap elementor-section elementor-top-section elementor-element elementor-element-65e6a29 elementor-section-boxed elementor-section-height-default elementor-section-height-default\" data-id=\"65e6a29\" data-element_type=\"section\" data-e-type=\"section\">\n\t\t\t\t\t\t<div class=\"elementor-container elementor-column-gap-default\">\n\t\t\t\t\t<div class=\"elementor-column elementor-col-100 elementor-top-column elementor-element elementor-element-89c733e\" data-id=\"89c733e\" data-element_type=\"column\" data-e-type=\"column\">\n\t\t\t<div class=\"elementor-widget-wrap elementor-element-populated\">\n\t\t\t\t\t\t<div class=\"elementor-element elementor-element-ee80a97 elementor-widget elementor-widget-wd_text_block\" data-id=\"ee80a97\" data-element_type=\"widget\" data-e-type=\"widget\" data-widget_type=\"wd_text_block.default\">\n\t\t\t\t<div class=\"elementor-widget-container\">\n\t\t\t\t\t\t\t<div class=\"wd-text-block reset-last-child text-left\">\n\t\t\t\n\t\t\t<p style=\"text-align: justify;\">\u00a0\u00a0\u00a0\u00a0\u00a0\u00a0\u00a0 L\u2019APD collaborera avec la soci\u00e9t\u00e9 civile afin d\u2019\u00e9largir sa campagne de sensibilisation et d\u2019information au grand public.<\/p>\n\t\t\t\t\t<\/div>\n\t\t\t\t\t\t<\/div>\n\t\t\t\t<\/div>\n\t\t\t\t\t<\/div>\n\t\t<\/div>\n\t\t\t\t\t<\/div>\n\t\t<\/section>\n\t\t\t\t<section class=\"wd-negative-gap elementor-section elementor-top-section elementor-element elementor-element-ca86204 elementor-section-boxed elementor-section-height-default elementor-section-height-default\" data-id=\"ca86204\" data-element_type=\"section\" data-e-type=\"section\">\n\t\t\t\t\t\t<div class=\"elementor-container elementor-column-gap-default\">\n\t\t\t\t\t<div class=\"elementor-column elementor-col-100 elementor-top-column elementor-element elementor-element-b216a20\" data-id=\"b216a20\" data-element_type=\"column\" data-e-type=\"column\">\n\t\t\t<div class=\"elementor-widget-wrap elementor-element-populated\">\n\t\t\t\t\t\t<div class=\"elementor-element elementor-element-bde500b elementor-widget elementor-widget-wd_text_block\" data-id=\"bde500b\" data-element_type=\"widget\" data-e-type=\"widget\" data-widget_type=\"wd_text_block.default\">\n\t\t\t\t<div class=\"elementor-widget-container\">\n\t\t\t\t\t\t\t<div class=\"wd-text-block reset-last-child text-left\">\n\t\t\t\n\t\t\t<h1><span style=\"color: #ffffff;\">Axe 3: Mettre en \u0153uvre des actions cibl\u00e9es de r\u00e9gulation<\/span><\/h1>\n\t\t\t\t\t<\/div>\n\t\t\t\t\t\t<\/div>\n\t\t\t\t<\/div>\n\t\t\t\t\t<\/div>\n\t\t<\/div>\n\t\t\t\t\t<\/div>\n\t\t<\/section>\n\t\t\t\t<section class=\"wd-negative-gap elementor-section elementor-top-section elementor-element elementor-element-f03f53b elementor-section-boxed elementor-section-height-default elementor-section-height-default\" data-id=\"f03f53b\" data-element_type=\"section\" data-e-type=\"section\">\n\t\t\t\t\t\t<div class=\"elementor-container elementor-column-gap-default\">\n\t\t\t\t\t<div class=\"elementor-column elementor-col-100 elementor-top-column elementor-element elementor-element-1972fec\" data-id=\"1972fec\" data-element_type=\"column\" data-e-type=\"column\">\n\t\t\t<div class=\"elementor-widget-wrap elementor-element-populated\">\n\t\t\t\t\t\t<div class=\"elementor-element elementor-element-4944d65 elementor-widget elementor-widget-wd_text_block\" data-id=\"4944d65\" data-element_type=\"widget\" data-e-type=\"widget\" data-widget_type=\"wd_text_block.default\">\n\t\t\t\t<div class=\"elementor-widget-container\">\n\t\t\t\t\t\t\t<div class=\"wd-text-block reset-last-child text-left\">\n\t\t\t\n\t\t\t<p style=\"text-align: justify;\">\u00a0\u00a0\u00a0\u00a0\u00a0\u00a0\u00a0 L\u2019APD mettra l\u2019accent sur la conformit\u00e9 aux prescriptions de la loi 2017-020 des traitements mis en \u0153uvre par les responsables de traitement.<\/p><p style=\"text-align: justify;\">\u00a0\u00a0\u00a0\u00a0\u00a0\u00a0\u00a0Dans ce cadre, l\u2019APD d\u00e9veloppera des outils de conformit\u00e9 favorisant l\u2019interaction avec les responsables du traitement afin de faciliter la mise en conformit\u00e9 des traitements des donn\u00e9es \u00e0 caract\u00e8re personnel dont la mise en \u0153uvre comporte des risques \u00e9lev\u00e9s pour la protection de la vie priv\u00e9e des citoyens. Elle favorisera, en outre, des actions de r\u00e9gulation cibl\u00e9es sur des sujets \u00e0 fort enjeu pour la vie priv\u00e9e:<\/p>\n\t\t\t\t\t<\/div>\n\t\t\t\t\t\t<\/div>\n\t\t\t\t<\/div>\n\t\t\t\t\t<\/div>\n\t\t<\/div>\n\t\t\t\t\t<\/div>\n\t\t<\/section>\n\t\t\t\t<section class=\"wd-negative-gap elementor-section elementor-top-section elementor-element elementor-element-53550a1 elementor-section-boxed elementor-section-height-default elementor-section-height-default\" data-id=\"53550a1\" data-element_type=\"section\" data-e-type=\"section\">\n\t\t\t\t\t\t<div class=\"elementor-container elementor-column-gap-default\">\n\t\t\t\t\t<div class=\"elementor-column elementor-col-100 elementor-top-column elementor-element elementor-element-47ae2c4\" data-id=\"47ae2c4\" data-element_type=\"column\" data-e-type=\"column\">\n\t\t\t<div class=\"elementor-widget-wrap elementor-element-populated\">\n\t\t\t\t\t\t<div class=\"elementor-element elementor-element-fed0605 elementor-widget elementor-widget-wd_text_block\" data-id=\"fed0605\" data-element_type=\"widget\" data-e-type=\"widget\" data-widget_type=\"wd_text_block.default\">\n\t\t\t\t<div class=\"elementor-widget-container\">\n\t\t\t\t\t\t\t<div class=\"wd-text-block reset-last-child text-left\">\n\t\t\t\n\t\t\t<ul><li>La biom\u00e9trie ;<\/li><li>La collecte des donn\u00e9es \u00e0 caract\u00e8re personnel dans le secteur de la sant\u00e9 ;<\/li><li>La vid\u00e9osurveillance et son usage ;<\/li><li>L\u2019interconnexion des fichiers ;<\/li><li>Le transfert des donn\u00e9es \u00e0 caract\u00e8re personnel \u00e0 l\u2019\u00e9tranger ;<\/li><li>La collecte des donn\u00e9es \u00e0 caract\u00e8re personnel dans les applications des smartphones ;<\/li><li>Les transferts de donn\u00e9es dans l\u2019informatique en nuage (\u00ab cloud \u00bb).<\/li><\/ul>\n\t\t\t\t\t<\/div>\n\t\t\t\t\t\t<\/div>\n\t\t\t\t<\/div>\n\t\t\t\t\t<\/div>\n\t\t<\/div>\n\t\t\t\t\t<\/div>\n\t\t<\/section>\n\t\t\t\t<section class=\"wd-negative-gap elementor-section elementor-top-section elementor-element elementor-element-3f5b306 elementor-section-boxed elementor-section-height-default elementor-section-height-default\" data-id=\"3f5b306\" data-element_type=\"section\" data-e-type=\"section\">\n\t\t\t\t\t\t<div class=\"elementor-container elementor-column-gap-default\">\n\t\t\t\t\t<div class=\"elementor-column elementor-col-100 elementor-top-column elementor-element elementor-element-0deb968\" data-id=\"0deb968\" data-element_type=\"column\" data-e-type=\"column\">\n\t\t\t<div class=\"elementor-widget-wrap elementor-element-populated\">\n\t\t\t\t\t\t<div class=\"elementor-element elementor-element-99dec8b elementor-widget elementor-widget-wd_text_block\" data-id=\"99dec8b\" data-element_type=\"widget\" data-e-type=\"widget\" data-widget_type=\"wd_text_block.default\">\n\t\t\t\t<div class=\"elementor-widget-container\">\n\t\t\t\t\t\t\t<div class=\"wd-text-block reset-last-child text-left\">\n\t\t\t\n\t\t\t<p style=\"text-align: justify;\">\u00a0\u00a0\u00a0\u00a0\u00a0\u00a0\u00a0 L\u2019APD \u00e9laborera un r\u00e9f\u00e9rentiel de contr\u00f4le.<\/p>\n\t\t\t\t\t<\/div>\n\t\t\t\t\t\t<\/div>\n\t\t\t\t<\/div>\n\t\t\t\t\t<\/div>\n\t\t<\/div>\n\t\t\t\t\t<\/div>\n\t\t<\/section>\n\t\t\t\t<section class=\"wd-negative-gap elementor-section elementor-top-section elementor-element elementor-element-c7e5f83 elementor-section-boxed elementor-section-height-default elementor-section-height-default\" data-id=\"c7e5f83\" data-element_type=\"section\" data-e-type=\"section\">\n\t\t\t\t\t\t<div class=\"elementor-container elementor-column-gap-default\">\n\t\t\t\t\t<div class=\"elementor-column elementor-col-100 elementor-top-column elementor-element elementor-element-a2260c5\" data-id=\"a2260c5\" data-element_type=\"column\" data-e-type=\"column\">\n\t\t\t<div class=\"elementor-widget-wrap elementor-element-populated\">\n\t\t\t\t\t\t<div class=\"elementor-element elementor-element-7c23055 elementor-widget elementor-widget-wd_text_block\" data-id=\"7c23055\" data-element_type=\"widget\" data-e-type=\"widget\" data-widget_type=\"wd_text_block.default\">\n\t\t\t\t<div class=\"elementor-widget-container\">\n\t\t\t\t\t\t\t<div class=\"wd-text-block reset-last-child text-left\">\n\t\t\t\n\t\t\t<h1><span style=\"color: #ffffff;\">Axe 4: \u0152uvrer pour le respect des droits des personnes concern\u00e9es<\/span><\/h1>\n\t\t\t\t\t<\/div>\n\t\t\t\t\t\t<\/div>\n\t\t\t\t<\/div>\n\t\t\t\t\t<\/div>\n\t\t<\/div>\n\t\t\t\t\t<\/div>\n\t\t<\/section>\n\t\t\t\t<section class=\"wd-negative-gap elementor-section elementor-top-section elementor-element elementor-element-fe1e124 elementor-section-boxed elementor-section-height-default elementor-section-height-default\" data-id=\"fe1e124\" data-element_type=\"section\" data-e-type=\"section\">\n\t\t\t\t\t\t<div class=\"elementor-container elementor-column-gap-default\">\n\t\t\t\t\t<div class=\"elementor-column elementor-col-100 elementor-top-column elementor-element elementor-element-506adf4\" data-id=\"506adf4\" data-element_type=\"column\" data-e-type=\"column\">\n\t\t\t<div class=\"elementor-widget-wrap elementor-element-populated\">\n\t\t\t\t\t\t<div class=\"elementor-element elementor-element-b51f275 elementor-widget elementor-widget-wd_text_block\" data-id=\"b51f275\" data-element_type=\"widget\" data-e-type=\"widget\" data-widget_type=\"wd_text_block.default\">\n\t\t\t\t<div class=\"elementor-widget-container\">\n\t\t\t\t\t\t\t<div class=\"wd-text-block reset-last-child text-left\">\n\t\t\t\n\t\t\t<p style=\"text-align: justify;\">\u00a0\u00a0\u00a0\u00a0\u00a0\u00a0\u00a0 La mission principale de l\u2019APD est la protection des droits des personnes sur leurs donn\u00e9es \u00e0 caract\u00e8re personnel. L\u2019APD mise sur la sensibilisation et la mobilisation des personnes concern\u00e9es afin de favoriser l\u2019exercice de ces droits. Cet axe s'articulera autour des points suivants:<\/p>\n\t\t\t\t\t<\/div>\n\t\t\t\t\t\t<\/div>\n\t\t\t\t<\/div>\n\t\t\t\t\t<\/div>\n\t\t<\/div>\n\t\t\t\t\t<\/div>\n\t\t<\/section>\n\t\t\t\t<section class=\"wd-negative-gap elementor-section elementor-top-section elementor-element elementor-element-6658680 elementor-section-boxed elementor-section-height-default elementor-section-height-default\" data-id=\"6658680\" data-element_type=\"section\" data-e-type=\"section\">\n\t\t\t\t\t\t<div class=\"elementor-container elementor-column-gap-default\">\n\t\t\t\t\t<div class=\"elementor-column elementor-col-100 elementor-top-column elementor-element elementor-element-f756f5b\" data-id=\"f756f5b\" data-element_type=\"column\" data-e-type=\"column\">\n\t\t\t<div class=\"elementor-widget-wrap elementor-element-populated\">\n\t\t\t\t\t\t<div class=\"elementor-element elementor-element-9f46e95 elementor-widget elementor-widget-wd_text_block\" data-id=\"9f46e95\" data-element_type=\"widget\" data-e-type=\"widget\" data-widget_type=\"wd_text_block.default\">\n\t\t\t\t<div class=\"elementor-widget-container\">\n\t\t\t\t\t\t\t<div class=\"wd-text-block reset-last-child text-left\">\n\t\t\t\n\t\t\t<ul><li>Favoriser l\u2019exercice des droits en informant les personnes (citoyens) de leurs droits et mettre \u00e0 leur disposition les outils leur permettant d\u2019exercer ces droits ;<\/li><li>Faciliter l\u2019ouverture d\u2019enqu\u00eates suite \u00e0 des plaintes ;<\/li><li>Intensifier les activit\u00e9s d\u2019enqu\u00eate et de contr\u00f4le ;<\/li><li>R\u00e9primer l\u2019exploitation ill\u00e9gale des donn\u00e9es \u00e0 caract\u00e8re personnel.<\/li><\/ul>\n\t\t\t\t\t<\/div>\n\t\t\t\t\t\t<\/div>\n\t\t\t\t<\/div>\n\t\t\t\t\t<\/div>\n\t\t<\/div>\n\t\t\t\t\t<\/div>\n\t\t<\/section>\n\t\t\t\t<section class=\"wd-negative-gap elementor-section elementor-top-section elementor-element elementor-element-c401d45 elementor-section-boxed elementor-section-height-default elementor-section-height-default\" data-id=\"c401d45\" data-element_type=\"section\" data-e-type=\"section\">\n\t\t\t\t\t\t<div class=\"elementor-container elementor-column-gap-default\">\n\t\t\t\t\t<div class=\"elementor-column elementor-col-100 elementor-top-column elementor-element elementor-element-733b65d\" data-id=\"733b65d\" data-element_type=\"column\" data-e-type=\"column\">\n\t\t\t<div class=\"elementor-widget-wrap elementor-element-populated\">\n\t\t\t\t\t\t<div class=\"elementor-element elementor-element-ea92187 elementor-widget elementor-widget-wd_text_block\" data-id=\"ea92187\" data-element_type=\"widget\" data-e-type=\"widget\" data-widget_type=\"wd_text_block.default\">\n\t\t\t\t<div class=\"elementor-widget-container\">\n\t\t\t\t\t\t\t<div class=\"wd-text-block reset-last-child text-left\">\n\t\t\t\n\t\t\t<h1><span style=\"color: #ffffff;\">Axe 5: D\u00e9velopper la coop\u00e9ration avec les Autorit\u00e9s similaires<\/span><\/h1>\n\t\t\t\t\t<\/div>\n\t\t\t\t\t\t<\/div>\n\t\t\t\t<\/div>\n\t\t\t\t\t<\/div>\n\t\t<\/div>\n\t\t\t\t\t<\/div>\n\t\t<\/section>\n\t\t\t\t<section class=\"wd-negative-gap elementor-section elementor-top-section elementor-element elementor-element-2225278 elementor-section-boxed elementor-section-height-default elementor-section-height-default\" data-id=\"2225278\" data-element_type=\"section\" data-e-type=\"section\">\n\t\t\t\t\t\t<div class=\"elementor-container elementor-column-gap-default\">\n\t\t\t\t\t<div class=\"elementor-column elementor-col-100 elementor-top-column elementor-element elementor-element-b675fba\" data-id=\"b675fba\" data-element_type=\"column\" data-e-type=\"column\">\n\t\t\t<div class=\"elementor-widget-wrap elementor-element-populated\">\n\t\t\t\t\t\t<div class=\"elementor-element elementor-element-58a090b elementor-widget elementor-widget-wd_text_block\" data-id=\"58a090b\" data-element_type=\"widget\" data-e-type=\"widget\" data-widget_type=\"wd_text_block.default\">\n\t\t\t\t<div class=\"elementor-widget-container\">\n\t\t\t\t\t\t\t<div class=\"wd-text-block reset-last-child text-left\">\n\t\t\t\n\t\t\t<p style=\"text-align: justify;\">\u00a0\u00a0\u00a0\u00a0\u00a0\u00a0\u00a0 L\u2019APD d\u00e9veloppera un cadre de coop\u00e9ration compatible avec ses missions. A cet effet, elle coop\u00e8rera avec les autorit\u00e9s de protection des donn\u00e9es \u00e0 caract\u00e8re personnel des pays tiers et participera aux n\u00e9gociations internationales en mati\u00e8re de protection des donn\u00e9es \u00e0 caract\u00e8re personnel.<\/p>\n<p style=\"text-align: justify;\">\u00a0\u00a0\u00a0\u00a0\u00a0\u00a0\u00a0<br \/>\nElle adh\u00e9rera aux instances internationales de protection des donn\u00e9es personnelles (GPA, RAPDP, AFAPDP, \u2026).<\/p>\n\n\t\t\t\t\t<\/div>\n\t\t\t\t\t\t<\/div>\n\t\t\t\t<\/div>\n\t\t\t\t\t<\/div>\n\t\t<\/div>\n\t\t\t\t\t<\/div>\n\t\t<\/section>\n\t\t\t\t<section class=\"wd-negative-gap elementor-section elementor-top-section elementor-element elementor-element-fc67cc5 elementor-section-boxed elementor-section-height-default elementor-section-height-default\" data-id=\"fc67cc5\" data-element_type=\"section\" data-e-type=\"section\" data-settings=\"{&quot;background_background&quot;:&quot;classic&quot;}\">\n\t\t\t\t\t\t<div class=\"elementor-container elementor-column-gap-default\">\n\t\t\t\t\t<div class=\"elementor-column elementor-col-100 elementor-top-column elementor-element elementor-element-b8d29b6\" data-id=\"b8d29b6\" data-element_type=\"column\" data-e-type=\"column\">\n\t\t\t<div class=\"elementor-widget-wrap elementor-element-populated\">\n\t\t\t\t\t\t<div class=\"elementor-element elementor-element-d27c27f elementor-widget__width-initial elementor-widget elementor-widget-wd_text_block\" data-id=\"d27c27f\" data-element_type=\"widget\" data-e-type=\"widget\" data-widget_type=\"wd_text_block.default\">\n\t\t\t\t<div class=\"elementor-widget-container\">\n\t\t\t\t\t\t\t<div class=\"wd-text-block reset-last-child text-center\">\n\t\t\t\n\t\t\t<h3 style=\"text-align: center;\"><span style=\"color: #ffffff;\"><a style=\"color: #ffffff;\" href=\"https:\/\/www.apd.mr\/fr\/wp-content\/uploads\/2024\/04\/PLAN-STRATEGIQUE-Fr.pdf\">\ud83d\uddb0\u00a0\u00a0T\u00e9l\u00e9charger le Plan Strat\u00e9gique 2023 - 2026<\/a><\/span><\/h3>\n\t\t\t\t\t<\/div>\n\t\t\t\t\t\t<\/div>\n\t\t\t\t<\/div>\n\t\t\t\t\t<\/div>\n\t\t<\/div>\n\t\t\t\t\t<\/div>\n\t\t<\/section>\n\t\t\t\t<\/div>\n\t\t","protected":false},"excerpt":{"rendered":"<p>\u00a0\u00a0\u00a0\u00a0\u00a0\u00a0\u00a0 Cr\u00e9\u00e9e par la loi n\u00b0 2017-020 sur la protection des donn\u00e9es \u00e0 caract\u00e8re personnel, l\u2019Autorit\u00e9 de protection des donn\u00e9es<\/p>\n","protected":false},"author":2,"featured_media":0,"parent":0,"menu_order":0,"comment_status":"closed","ping_status":"closed","template":"","meta":{"inline_featured_image":false,"footnotes":""},"class_list":["post-18223","page","type-page","status-publish","hentry"],"_links":{"self":[{"href":"https:\/\/www.apd.mr\/fr\/wp-json\/wp\/v2\/pages\/18223","targetHints":{"allow":["GET"]}}],"collection":[{"href":"https:\/\/www.apd.mr\/fr\/wp-json\/wp\/v2\/pages"}],"about":[{"href":"https:\/\/www.apd.mr\/fr\/wp-json\/wp\/v2\/types\/page"}],"author":[{"embeddable":true,"href":"https:\/\/www.apd.mr\/fr\/wp-json\/wp\/v2\/users\/2"}],"replies":[{"embeddable":true,"href":"https:\/\/www.apd.mr\/fr\/wp-json\/wp\/v2\/comments?post=18223"}],"version-history":[{"count":91,"href":"https:\/\/www.apd.mr\/fr\/wp-json\/wp\/v2\/pages\/18223\/revisions"}],"predecessor-version":[{"id":18796,"href":"https:\/\/www.apd.mr\/fr\/wp-json\/wp\/v2\/pages\/18223\/revisions\/18796"}],"wp:attachment":[{"href":"https:\/\/www.apd.mr\/fr\/wp-json\/wp\/v2\/media?parent=18223"}],"curies":[{"name":"wp","href":"https:\/\/api.w.org\/{rel}","templated":true}]}}